{"version":"1.0","provider_name":"Mon-taux.com - Blog des experts en frontaliers","provider_url":"https:\/\/mon-taux.com\/blog","author_name":"Christophe Change-Priv\u00e9","author_url":"https:\/\/mon-taux.com\/blog\/author\/christophemon-taux-com\/","title":"02\/03\/2020 - \u00c9volution mitig\u00e9e du cours euro\/franc suisse - Mon-taux.com - Blog des experts en frontaliers","type":"rich","width":600,"height":338,"html":"<blockquote class=\"wp-embedded-content\" data-secret=\"wdQHXFpLWH\"><a href=\"https:\/\/mon-taux.com\/blog\/2020\/03\/03\/02032020-evolution-mitigee-du-cours-eurofranc-suisse\/\">02\/03\/2020 &#8211; \u00c9volution mitig\u00e9e du cours euro\/franc suisse<\/a><\/blockquote><iframe sandbox=\"allow-scripts\" security=\"restricted\" src=\"https:\/\/mon-taux.com\/blog\/2020\/03\/03\/02032020-evolution-mitigee-du-cours-eurofranc-suisse\/embed\/#?secret=wdQHXFpLWH\" width=\"600\" height=\"338\" title=\"\u00ab\u00a002\/03\/2020 &#8211; \u00c9volution mitig\u00e9e du cours euro\/franc suisse\u00a0\u00bb &#8212; Mon-taux.com - Blog des experts en frontaliers\" data-secret=\"wdQHXFpLWH\" frameborder=\"0\" marginwidth=\"0\" marginheight=\"0\" scrolling=\"no\" class=\"wp-embedded-content\"><\/iframe><script>\n\/*! This file is auto-generated *\/\n!function(d,l){\"use strict\";l.querySelector&&d.addEventListener&&\"undefined\"!=typeof URL&&(d.wp=d.wp||{},d.wp.receiveEmbedMessage||(d.wp.receiveEmbedMessage=function(e){var t=e.data;if((t||t.secret||t.message||t.value)&&!\/[^a-zA-Z0-9]\/.test(t.secret)){for(var s,r,n,a=l.querySelectorAll('iframe[data-secret=\"'+t.secret+'\"]'),o=l.querySelectorAll('blockquote[data-secret=\"'+t.secret+'\"]'),c=new RegExp(\"^https?:$\",\"i\"),i=0;i<o.length;i++)o[i].style.display=\"none\";for(i=0;i<a.length;i++)s=a[i],e.source===s.contentWindow&&(s.removeAttribute(\"style\"),\"height\"===t.message?(1e3<(r=parseInt(t.value,10))?r=1e3:~~r<200&&(r=200),s.height=r):\"link\"===t.message&&(r=new URL(s.getAttribute(\"src\")),n=new URL(t.value),c.test(n.protocol))&&n.host===r.host&&l.activeElement===s&&(d.top.location.href=t.value))}},d.addEventListener(\"message\",d.wp.receiveEmbedMessage,!1),l.addEventListener(\"DOMContentLoaded\",function(){for(var e,t,s=l.querySelectorAll(\"iframe.wp-embedded-content\"),r=0;r<s.length;r++)(t=(e=s[r]).getAttribute(\"data-secret\"))||(t=Math.random().toString(36).substring(2,12),e.src+=\"#?secret=\"+t,e.setAttribute(\"data-secret\",t)),e.contentWindow.postMessage({message:\"ready\",secret:t},\"*\")},!1)))}(window,document);\n<\/script>\n","thumbnail_url":"https:\/\/mon-taux.com\/blog\/wp-content\/uploads\/2020\/03\/korona1-1.jpg","thumbnail_width":600,"thumbnail_height":400,"description":"Ce matin, l\u2019euro retrouve un peu d\u2019\u00e9clat apr\u00e8s avoir touch\u00e9 des plus bas depuis 2017. Le ralentissement brutal de l\u2019\u00e9conomie mondiale li\u00e9 \u00e0 l\u2019\u00e9pid\u00e9mie du coronavirus pousse les investisseurs vers des valeurs refuges ce qui profite au franc suisse. Dans le contexte actuel, il est difficile \u00e0 court terme, d\u2019envisager un rebond de la monnaie [&hellip;]"}