{"version":"1.0","provider_name":"Mon-taux.com - Blog des experts en frontaliers","provider_url":"https:\/\/mon-taux.com\/blog","author_name":"montaux","author_url":"https:\/\/mon-taux.com\/blog\/author\/montaux\/","title":"06\/05\/2013 - L\u2019euro fait de la r\u00e9sistance - Mon-taux.com - Blog des experts en frontaliers","type":"rich","width":600,"height":338,"html":"<blockquote class=\"wp-embedded-content\" data-secret=\"ieSbd0FMwm\"><a href=\"https:\/\/mon-taux.com\/blog\/2013\/05\/06\/06052013-leuro-fait-de-la-resistance\/\">06\/05\/2013 &#8211; L\u2019euro fait de la r\u00e9sistance<\/a><\/blockquote><iframe sandbox=\"allow-scripts\" security=\"restricted\" src=\"https:\/\/mon-taux.com\/blog\/2013\/05\/06\/06052013-leuro-fait-de-la-resistance\/embed\/#?secret=ieSbd0FMwm\" width=\"600\" height=\"338\" title=\"\u00ab\u00a006\/05\/2013 &#8211; L\u2019euro fait de la r\u00e9sistance\u00a0\u00bb &#8212; Mon-taux.com - Blog des experts en frontaliers\" data-secret=\"ieSbd0FMwm\" frameborder=\"0\" marginwidth=\"0\" marginheight=\"0\" scrolling=\"no\" class=\"wp-embedded-content\"><\/iframe><script>\n\/*! This file is auto-generated *\/\n!function(d,l){\"use strict\";l.querySelector&&d.addEventListener&&\"undefined\"!=typeof URL&&(d.wp=d.wp||{},d.wp.receiveEmbedMessage||(d.wp.receiveEmbedMessage=function(e){var t=e.data;if((t||t.secret||t.message||t.value)&&!\/[^a-zA-Z0-9]\/.test(t.secret)){for(var s,r,n,a=l.querySelectorAll('iframe[data-secret=\"'+t.secret+'\"]'),o=l.querySelectorAll('blockquote[data-secret=\"'+t.secret+'\"]'),c=new RegExp(\"^https?:$\",\"i\"),i=0;i<o.length;i++)o[i].style.display=\"none\";for(i=0;i<a.length;i++)s=a[i],e.source===s.contentWindow&&(s.removeAttribute(\"style\"),\"height\"===t.message?(1e3<(r=parseInt(t.value,10))?r=1e3:~~r<200&&(r=200),s.height=r):\"link\"===t.message&&(r=new URL(s.getAttribute(\"src\")),n=new URL(t.value),c.test(n.protocol))&&n.host===r.host&&l.activeElement===s&&(d.top.location.href=t.value))}},d.addEventListener(\"message\",d.wp.receiveEmbedMessage,!1),l.addEventListener(\"DOMContentLoaded\",function(){for(var e,t,s=l.querySelectorAll(\"iframe.wp-embedded-content\"),r=0;r<s.length;r++)(t=(e=s[r]).getAttribute(\"data-secret\"))||(t=Math.random().toString(36).substring(2,12),e.src+=\"#?secret=\"+t,e.setAttribute(\"data-secret\",t)),e.contentWindow.postMessage({message:\"ready\",secret:t},\"*\")},!1)))}(window,document);\n<\/script>\n","description":"Soutenue par l\u2019intervention de la BCE, la monnaie unique r\u00e9siste par rapport au franc suisse pour remonter vers 1.23, apr\u00e8s un d\u00e9but de semaine clairement orient\u00e9 vers 1.22. Mario Draghi, patron de la Banque Centre Europ\u00e9enne a montr\u00e9 une nouvelle fois toute sa d\u00e9termination \u00e0 faire red\u00e9marrer la croissance dans la zone euro. Apr\u00e8s l\u2019Espagne, [&hellip;]"}