{"version":"1.0","provider_name":"Mon-taux.com - Blog des experts en frontaliers","provider_url":"https:\/\/mon-taux.com\/blog","author_name":"montaux","author_url":"https:\/\/mon-taux.com\/blog\/author\/montaux\/","title":"05\/12\/11 - Argent, trop cher, trop grand, la vie n\u2019a pas de prix ! - Mon-taux.com - Blog des experts en frontaliers","type":"rich","width":600,"height":338,"html":"<blockquote class=\"wp-embedded-content\" data-secret=\"lZDlcxqGUw\"><a href=\"https:\/\/mon-taux.com\/blog\/2011\/12\/05\/actualtie-du-change-euro-chf\/\">05\/12\/11 &#8211; Argent, trop cher, trop grand, la vie n\u2019a pas de prix !<\/a><\/blockquote><iframe sandbox=\"allow-scripts\" security=\"restricted\" src=\"https:\/\/mon-taux.com\/blog\/2011\/12\/05\/actualtie-du-change-euro-chf\/embed\/#?secret=lZDlcxqGUw\" width=\"600\" height=\"338\" title=\"\u00ab\u00a005\/12\/11 &#8211; Argent, trop cher, trop grand, la vie n\u2019a pas de prix !\u00a0\u00bb &#8212; Mon-taux.com - Blog des experts en frontaliers\" data-secret=\"lZDlcxqGUw\" frameborder=\"0\" marginwidth=\"0\" marginheight=\"0\" scrolling=\"no\" class=\"wp-embedded-content\"><\/iframe><script>\n\/*! This file is auto-generated *\/\n!function(d,l){\"use strict\";l.querySelector&&d.addEventListener&&\"undefined\"!=typeof URL&&(d.wp=d.wp||{},d.wp.receiveEmbedMessage||(d.wp.receiveEmbedMessage=function(e){var t=e.data;if((t||t.secret||t.message||t.value)&&!\/[^a-zA-Z0-9]\/.test(t.secret)){for(var s,r,n,a=l.querySelectorAll('iframe[data-secret=\"'+t.secret+'\"]'),o=l.querySelectorAll('blockquote[data-secret=\"'+t.secret+'\"]'),c=new RegExp(\"^https?:$\",\"i\"),i=0;i<o.length;i++)o[i].style.display=\"none\";for(i=0;i<a.length;i++)s=a[i],e.source===s.contentWindow&&(s.removeAttribute(\"style\"),\"height\"===t.message?(1e3<(r=parseInt(t.value,10))?r=1e3:~~r<200&&(r=200),s.height=r):\"link\"===t.message&&(r=new URL(s.getAttribute(\"src\")),n=new URL(t.value),c.test(n.protocol))&&n.host===r.host&&l.activeElement===s&&(d.top.location.href=t.value))}},d.addEventListener(\"message\",d.wp.receiveEmbedMessage,!1),l.addEventListener(\"DOMContentLoaded\",function(){for(var e,t,s=l.querySelectorAll(\"iframe.wp-embedded-content\"),r=0;r<s.length;r++)(t=(e=s[r]).getAttribute(\"data-secret\"))||(t=Math.random().toString(36).substring(2,12),e.src+=\"#?secret=\"+t,e.setAttribute(\"data-secret\",t)),e.contentWindow.postMessage({message:\"ready\",secret:t},\"*\")},!1)))}(window,document);\n<\/script>\n","description":"Ce titre du groupe T\u00e9l\u00e9phone illustre au mieux la situation de la Suisse et des prochaines d\u00e9cisions des autorit\u00e9s politiques et mon\u00e9taires du pays. Le franc fort am\u00e8ne la Suisse vers la r\u00e9cession, la hausse du ch\u00f4mage, bref une d\u00e9gradation majeure de la situation \u00e9conomique du pays. Jusqu\u2019o\u00f9 les instances helv\u00e9tiques doivent-elles aller pour contrer [&hellip;]"}